{"version":"1.0","provider_name":"St\u00edlus coach","provider_url":"https:\/\/stiluscoach.cafeblog.hu","author_name":"Sikl\u00f3s Barbara","author_url":"https:\/\/stiluscoach.cafeblog.hu\/author\/siklos_barbara\/","title":"T\u00e9li sapka kalauz","html":"<a href=\"https:\/\/stiluscoach.cafeblog.hu\/files\/2013\/11\/hats__20215.1352458128.1280.1280.jpg\"><img class=\"alignleft size-thumbnail wp-image-499\" alt=\"hats__20215.1352458128.1280.1280\" src=\"https:\/\/stiluscoach.cafeblog.hu\/files\/2013\/11\/hats__20215.1352458128.1280.1280-150x150.jpg\" width=\"150\" height=\"150\" \/><\/a>A h\u00e9tv\u00e9g\u00e9n \u00fagy t\u0171nik bek\u00f6sz\u00f6nt a t\u00e9l (egy kicsit korai m\u00e9g, de h\u00e1t ez van) \u00e9s esni fog a h\u00f3. Ilyen hidegben m\u00e9g \u00e9n is - aki egy\u00e9bk\u00e9nt nem nagyon szokott - sapk\u00e1t h\u00fazok.\u00a0Sokan k\u00e9rdezik t\u0151lem a hideg id\u0151 be\u00e1llt\u00e1val, hogy milyen fejfed\u0151t, sapk\u00e1t v\u00e1lasszanak, ami trendy is j\u00f3l is \u00e1ll, \u00e9s m\u00e9g meleg is.\r\n\r\nVannak \u00f6ssze\u00e1ll\u00edt\u00e1sok, amelyek kifejezetten sapk\u00e1\u00e9rt ki\u00e1ltanak, de vannak olyan kab\u00e1tok is, melyekhez neh\u00e9z megfelel\u0151t tal\u00e1lni...de ha megvan, akkor az olyan igazi.\r\n\r\nKlikkeljetek lejjebb, hogy \u00a0l\u00e1ss\u00e1tok az idei szezon trendy \u00f6ssze\u00e1ll\u00edt\u00e1sait.\r\n\r\n<!--more-->\r\n\r\n<strong>1. A vastag pompom k\u00f6t\u00f6tt sapka - feh\u00e9r, b\u00e9zs<\/strong>\r\n<table>\r\n<tbody>\r\n<tr>\r\n<td align=\"center\"><img class=\"alignleft size-full wp-image-482\" alt=\"Beanie\" src=\"https:\/\/stiluscoach.cafeblog.hu\/files\/2013\/11\/Beanie.jpg\" width=\"204\" height=\"267\" \/><\/td>\r\n<td><a href=\"https:\/\/stiluscoach.cafeblog.hu\/files\/2013\/11\/Kab\u00e1t4.jpg\"><img class=\"alignright size-full wp-image-483\" alt=\"Kab\u00e1t4\" src=\"https:\/\/stiluscoach.cafeblog.hu\/files\/2013\/11\/Kab\u00e1t4.jpg\" width=\"389\" height=\"492\" \/><\/a><\/td>\r\n<\/tr>\r\n<\/tbody>\r\n<\/table>\r\nNagyon sz\u00e9p, letisztult megjelen\u00e9st k\u00f6lcs\u00f6n\u00f6z, ha b\u00e9zs\/camel \u00a0sz\u00ednben kombin\u00e1ljuk camel sz\u00edn\u0171 sz\u00f6vet kab\u00e1ttal. Nagyon j\u00f3l vari\u00e1lhat\u00f3, lehet sportos, casual, vagy eleg\u00e1ns is.\r\n\r\n&nbsp;\r\n\r\n<strong>2. V\u00e9kony k\u00f6t\u00f6tt sapka - fekete, sz\u00fcrke, vil\u00e1gos r\u00f3zsasz\u00edn<\/strong>\r\n<table>\r\n<tbody>\r\n<tr valign=\"center\">\r\n<td><a href=\"https:\/\/stiluscoach.cafeblog.hu\/files\/2013\/11\/Beanie_rose.jpg\"><img class=\"alignleft size-full wp-image-484\" alt=\"Beanie_rose\" src=\"https:\/\/stiluscoach.cafeblog.hu\/files\/2013\/11\/Beanie_rose.jpg\" width=\"209\" height=\"246\" \/><\/a><\/td>\r\n<td><a href=\"https:\/\/stiluscoach.cafeblog.hu\/files\/2013\/11\/K\u00e9pkiv\u00e1g\u00e1s.jpg\"><img class=\"alignright size-full wp-image-485\" alt=\"K\u00e9pkiv\u00e1g\u00e1s\" src=\"https:\/\/stiluscoach.cafeblog.hu\/files\/2013\/11\/K\u00e9pkiv\u00e1g\u00e1s.jpg\" width=\"304\" height=\"413\" \/><\/a><\/td>\r\n<\/tr>\r\n<\/tbody>\r\n<\/table>\r\nEz a fajta sapka kev\u00e9sb\u00e9 sportos - s\u0151\u0151t! El nem tudn\u00e1m k\u00e9pzelni pufi dzsekivel - ink\u00e1bb eleg\u00e1ns, finom sz\u00edne \u00e9s finom k\u00f6t\u00e9s\u00e9b\u0151l ad\u00f3d\u00f3an. Vigy\u00e1zat! Nem el\u0151ny\u00f6s annak, akinek nagyon vastag sz\u00e1l\u00fa, \"tereb\u00e9lyes\" , d\u00fas haja van, mivel ez a fajta sapka nem tartja meg: el\u0151bb ut\u00f3bb a fej\u00fcnk b\u00fabj\u00e1ra cs\u00faszik.\r\n<strong>3. A siml\u00e9deres vastag, k\u00f6t\u00f6tt sapka, \u00e9l\u00e9nk sz\u00ednekben<\/strong>\r\n<table>\r\n<tbody>\r\n<tr>\r\n<td><a href=\"https:\/\/stiluscoach.cafeblog.hu\/files\/2013\/11\/Peak_beanie.jpg\"><img class=\"alignleft size-full wp-image-486\" alt=\"Peak_beanie\" src=\"https:\/\/stiluscoach.cafeblog.hu\/files\/2013\/11\/Peak_beanie.jpg\" width=\"278\" height=\"296\" \/><\/a><\/td>\r\n<td><a href=\"https:\/\/stiluscoach.cafeblog.hu\/files\/2013\/11\/Kab\u00e1t5.jpg\"><img class=\"alignright size-full wp-image-487\" alt=\"Kab\u00e1t5\" src=\"https:\/\/stiluscoach.cafeblog.hu\/files\/2013\/11\/Kab\u00e1t5.jpg\" width=\"294\" height=\"409\" \/><\/a><\/td>\r\n<\/tr>\r\n<\/tbody>\r\n<\/table>\r\nEz a fazon kifejezetten sportos szerel\u00e9sekhez \u00e1ll j\u00f3l. Nagyon j\u00f3l mutat \u00e9l\u00e9nk sz\u00ednekben (konzervat\u00edvabb sz\u00ednekben, mint fekete, barna, fi\u00fasnak hat) \u00e9s feldobja hangulatunkat a t\u00e9li id\u0151ben egy vid\u00e1m sz\u00edn\u0171 pufi kab\u00e1t t\u00e1rsas\u00e1g\u00e1ban. (pont ilyen s\u00e1rg\u00e1t tervezek vad\u00e1szni)\r\n<strong>4. Egy a r\u00e1ad\u00e1s - vastag fekete oversize k\u00f6t\u00f6tt sapka<\/strong>\r\n<table>\r\n<tbody>\r\n<tr>\r\n<td><a href=\"https:\/\/stiluscoach.cafeblog.hu\/files\/2013\/11\/Beanie_oversize.jpg\"><img class=\"alignleft size-full wp-image-496\" alt=\"Beanie_oversize\" src=\"https:\/\/stiluscoach.cafeblog.hu\/files\/2013\/11\/Beanie_oversize.jpg\" width=\"327\" height=\"430\" \/><\/a><\/td>\r\n<td><a href=\"https:\/\/stiluscoach.cafeblog.hu\/files\/2013\/11\/Kab\u00e1t6.jpg\"><img class=\"alignright size-full wp-image-497\" alt=\"Kab\u00e1t6\" src=\"https:\/\/stiluscoach.cafeblog.hu\/files\/2013\/11\/Kab\u00e1t6.jpg\" width=\"321\" height=\"400\" \/><\/a><\/td>\r\n<\/tr>\r\n<\/tbody>\r\n<\/table>\r\nEredetileg csak 3 \u00f6ssze\u00e1ll\u00edt\u00e1st terveztem bemutatni, de \u00edr\u00e1s k\u00f6zben megjelent a fejemben m\u00e9g egy (kedvenc) \u00f6ssze\u00e1ll\u00edt\u00e1s. Ami sosem megy ki a divatb\u00f3l. Klasszikus k\u00e9k nadr\u00e1g, fekete kab\u00e1t, fekete beanie hat. A s\u00e1l tulajdonk\u00e9ppen el is hagyhat\u00f3...ha nem f\u00e1zik a nyakunk. :)\r\n<a href=\"http:\/\/www.stiluscoach.hu\" target=\"_blank\"><em>www.stiluscoach.hu<\/em><\/a>","type":"rich","thumbnail_url":"https:\/\/stiluscoach.cafeblog.hu\/files\/2013\/11\/hats__20215.1352458128.1280.12801-150x150.jpg","thumbnail_width":150,"thumbnail_height":150}