{"version":"1.0","provider_name":"St\u00edlus coach","provider_url":"https:\/\/stiluscoach.cafeblog.hu","author_name":"Sikl\u00f3s Barbara","author_url":"https:\/\/stiluscoach.cafeblog.hu\/author\/siklos_barbara\/","title":"Mit viseljek az irod\u00e1ban?","html":"<a href=\"https:\/\/stiluscoach.cafeblog.hu\/files\/2013\/10\/POwer-suit2.jpg\"><img class=\"alignleft size-thumbnail wp-image-165\" alt=\"Sikl\u00f3s Barbara, st\u00edlus coach\" src=\"https:\/\/stiluscoach.cafeblog.hu\/files\/2013\/10\/POwer-suit2-150x150.jpg\" width=\"150\" height=\"150\" \/><\/a>\r\n\r\n&nbsp;\r\n\r\nSok n\u0151nek gondot okoz, hogy mit lehet \u00e9s mit nem lehet viselni az irod\u00e1ban? Illetve, hogy egy\u00e1ltal\u00e1n, mit vegyen fel reggel, ami csinos is, \u00e9s el\u00e9g \"\u00fczleties\". \u00cdme n\u00e9h\u00e1ny \u00f6tlet, mely inspir\u00e1ci\u00f3ul szolg\u00e1l a megfelel\u0151 \"munka-ruha\" kiv\u00e1laszt\u00e1s\u00e1hoz.\r\n\r\n&nbsp;\r\n\r\n&nbsp;\r\n\r\n<strong>1. Fontos \u00fczleti t\u00e1rgyal\u00e1sra - Business formal<\/strong>\r\n\r\nElengedhetetlen a koszt\u00fcm. Lehet nadr\u00e1g vagy szoknya, de itt a \"legy\u00e9l mindig ink\u00e1bb t\u00fal\u00f6lt\u00f6z\u00f6tt\" elv \u00e9rv\u00e9nyes\u00fcl.\r\n<p style=\"text-align: center\"><a href=\"https:\/\/stiluscoach.cafeblog.hu\/files\/2013\/10\/Koszt\u00fcm.jpg\"><img class=\"aligncenter size-full wp-image-168\" alt=\"Sikl\u00f3s Barbara, st\u00edlus coach\" src=\"https:\/\/stiluscoach.cafeblog.hu\/files\/2013\/10\/Koszt\u00fcm.jpg\" width=\"441\" height=\"567\" \/><\/a><\/p>\r\n<a href=\"https:\/\/stiluscoach.cafeblog.hu\/files\/2013\/10\/Koszt\u00fcm2.jpg\"><img class=\"aligncenter size-full wp-image-171\" alt=\"Koszt\u00fcm2\" src=\"https:\/\/stiluscoach.cafeblog.hu\/files\/2013\/10\/Koszt\u00fcm2.jpg\" width=\"445\" height=\"552\" \/><\/a>\r\n\r\n<a href=\"https:\/\/stiluscoach.cafeblog.hu\/files\/2013\/10\/Koszt\u00fcm3.jpg\"><img class=\"aligncenter size-full wp-image-172\" alt=\"Koszt\u00fcm3\" src=\"https:\/\/stiluscoach.cafeblog.hu\/files\/2013\/10\/Koszt\u00fcm3.jpg\" width=\"442\" height=\"572\" \/><\/a>\r\n\r\n<a href=\"https:\/\/stiluscoach.cafeblog.hu\/files\/2013\/10\/Koszt\u00fcm4.jpg\"><img class=\"aligncenter size-full wp-image-173\" alt=\"Koszt\u00fcm4\" src=\"https:\/\/stiluscoach.cafeblog.hu\/files\/2013\/10\/Koszt\u00fcm4.jpg\" width=\"446\" height=\"565\" \/><\/a>\r\n\r\n<strong>2. Mindennapi \u00fczleti megjelen\u00e9s - Business casual<\/strong>\r\nHa nincs \u00e9ppen fontos t\u00e1rgyal\u00e1sod \u00e9s a munkahelyed dress code-ja megengedi, elhagyhatod a koszt\u00fcm\u00f6t. De maradjon a csinos nadr\u00e1g\/szoknya - fels\u0151 komb\u00f3. (Legyen mindig k\u00e9zn\u00e9l egy bl\u00e9zer\/koszt\u00fcm fels\u0151, hogy ha v\u00e1ratlan meetingre kell menned, b\u00e1rmikor upgradelni tud \u00f6ssze\u00e1ll\u00edt\u00e1sod.)\r\n\r\n&nbsp;\r\n\r\n<a href=\"https:\/\/stiluscoach.cafeblog.hu\/files\/2013\/10\/K\u00fcl\u00f6n2.jpg\"><img class=\"aligncenter size-full wp-image-176\" alt=\"K\u00fcl\u00f6n2\" src=\"https:\/\/stiluscoach.cafeblog.hu\/files\/2013\/10\/K\u00fcl\u00f6n2.jpg\" width=\"434\" height=\"572\" \/><\/a>\r\n\r\n<a href=\"https:\/\/stiluscoach.cafeblog.hu\/files\/2013\/10\/K\u00fcl\u00f6n3.jpg\"><img class=\"aligncenter size-full wp-image-177\" alt=\"K\u00fcl\u00f6n3\" src=\"https:\/\/stiluscoach.cafeblog.hu\/files\/2013\/10\/K\u00fcl\u00f6n3.jpg\" width=\"438\" height=\"571\" \/><\/a>\r\n\r\n<a href=\"https:\/\/stiluscoach.cafeblog.hu\/files\/2013\/10\/K\u00fcl\u00f6n4.jpg\"><img class=\"aligncenter size-full wp-image-178\" alt=\"K\u00fcl\u00f6n4\" src=\"https:\/\/stiluscoach.cafeblog.hu\/files\/2013\/10\/K\u00fcl\u00f6n4.jpg\" width=\"435\" height=\"565\" \/><\/a>\r\n\r\n<strong>3. Must haves<\/strong>\r\nEzek, minden n\u0151 szekr\u00e9ny\u00e9ben legyenek ott!\r\n<a href=\"https:\/\/stiluscoach.cafeblog.hu\/files\/2013\/10\/Must-have.jpg\"><img class=\"aligncenter size-full wp-image-179\" alt=\"Must have\" src=\"https:\/\/stiluscoach.cafeblog.hu\/files\/2013\/10\/Must-have.jpg\" width=\"432\" height=\"564\" \/><\/a>\r\n\r\nV\u00e9gezet\u00fcl a l\u00e9nyeg! Sose \u00e9rjen v\u00e1ratlan meglepet\u00e9s! Mindig legy\u00e9l a poz\u00edci\u00f3dnak \u00e9s a programnak, esem\u00e9nynek megfelel\u0151en \u00f6lt\u00f6zve! Legy\u00e9l business-ready!\r\n\r\n&nbsp;\r\n\r\n<em>www.stiluscoach.hu<\/em>","type":"rich","thumbnail_url":"https:\/\/stiluscoach.cafeblog.hu\/files\/2013\/10\/POwer-suit2-150x150.jpg","thumbnail_width":150,"thumbnail_height":150}